{"id":8010,"date":"2023-11-15T20:35:21","date_gmt":"2023-11-15T19:35:21","guid":{"rendered":"https:\/\/familienzentrum-schatzkiste.de\/kuhle\/?page_id=8010"},"modified":"2025-12-31T14:16:43","modified_gmt":"2025-12-31T13:16:43","slug":"kindertagesstaette","status":"publish","type":"page","link":"https:\/\/familienzentrum-schatzkiste.de\/kuhle\/kindertagesstaette\/","title":{"rendered":"KINDERTAGESST\u00c4TTE"},"content":{"rendered":"[vc_row type=&#8220;full_width_background&#8220; full_screen_row_position=&#8220;middle&#8220; column_margin=&#8220;default&#8220; column_direction=&#8220;default&#8220; column_direction_tablet=&#8220;default&#8220; column_direction_phone=&#8220;default&#8220; scene_position=&#8220;center&#8220; top_margin=&#8220;3%&#8220; bottom_margin=&#8220;2%&#8220; left_margin=&#8220;2%&#8220; right_margin=&#8220;2%&#8220; text_color=&#8220;dark&#8220; text_align=&#8220;left&#8220; row_border_radius=&#8220;none&#8220; row_border_radius_applies=&#8220;bg&#8220; overflow=&#8220;visible&#8220; overlay_strength=&#8220;0.3&#8243; gradient_direction=&#8220;left_to_right&#8220; shape_divider_position=&#8220;bottom&#8220; bg_image_animation=&#8220;none&#8220; gradient_type=&#8220;default&#8220; shape_type=&#8220;&#8220;][vc_column column_padding=&#8220;no-extra-padding&#8220; column_padding_tablet=&#8220;inherit&#8220; column_padding_phone=&#8220;inherit&#8220; column_padding_position=&#8220;all&#8220; column_element_direction_desktop=&#8220;default&#8220; column_element_spacing=&#8220;default&#8220; desktop_text_alignment=&#8220;default&#8220; tablet_text_alignment=&#8220;default&#8220; phone_text_alignment=&#8220;default&#8220; background_color_opacity=&#8220;1&#8243; background_hover_color_opacity=&#8220;1&#8243; column_backdrop_filter=&#8220;none&#8220; column_shadow=&#8220;none&#8220; column_border_radius=&#8220;none&#8220; column_link_target=&#8220;_self&#8220; column_position=&#8220;default&#8220; gradient_direction=&#8220;left_to_right&#8220; overlay_strength=&#8220;0.3&#8243; width=&#8220;1\/1&#8243; tablet_width_inherit=&#8220;default&#8220; animation_type=&#8220;default&#8220; bg_image_animation=&#8220;none&#8220; border_type=&#8220;simple&#8220; column_border_width=&#8220;none&#8220; column_border_style=&#8220;solid&#8220;][vc_column_text css=&#8220;&#8220; text_direction=&#8220;default&#8220;]\n<p style=\"text-align: justify;\"><span style=\"font-size: 14pt;\"><span class=\"nectar-dropcap\" style=\" color: 000000;\">D<\/span>as Familienzentrum besteht aus <strong>f\u00fcnf Gruppen mit insgesamt 100 Kindern<\/strong>. Die vier Hausgruppen haben einen eigenen Gruppenraum, einen Gruppennebenraum, eine eingebaute Kinderk\u00fcche und einen Waschraum. Drei Gruppen verf\u00fcgen f\u00fcr die U3 Kinder \u00fcber einen Schlafraum. Die Gruppen sind ausgestattet mit einer Puppenecke, einem Bauteppich, einem Lese- und Kuschelbereich, und\/oder einer Werkstatt, bzw. Werkbank, einem Experimentiertisch, einem Tisch zum Malen und Basteln und einer H\u00e4ngematte. Den Kindern steht ein gro\u00dfer Au\u00dfenbereich zur Verf\u00fcgung und die Umgebung l\u00e4d zum Sparzieren und Entdecken ein.<\/span><\/p>\n<p style=\"text-align: justify;\"><span style=\"font-size: 14pt;\">Unsere Waldgruppe mit Bauwagen und gestalteten Au\u00dfenbereich mit insgesamt 18 Pl\u00e4tzen befindet sich auf der gegen\u00fcberliegenden Wiese.<\/span><\/p>\n<p style=\"text-align: justify;\"><span style=\"font-size: 14pt;\">Zum Team geh\u00f6ren \u00fcber 20 Mitarbeiterinnen im Gruppenbetrieb, zwei in der Hauswirtschaft, eine K\u00f6chin, eine Verwaltungskraft und die Leiterin der Tagesst\u00e4tte bzw. des Familienzentrums.<\/span><\/p>\n<p style=\"text-align: justify;\"><span style=\"font-size: 14pt;\">Wir bieten Betreuungspl\u00e4tze von 35 Stunden und 45 Stunden an.<\/span><\/p>\n<p><span style=\"font-size: 14pt;\">\u00d6ffnungszeiten f\u00fcr<\/span><br \/>\n<span style=\"font-size: 14pt;\">&#8211; 35 Stunden: 07:00 Uhr &#8211; 12:30 Uhr (ohne Mittagessen) oder 14:00 Uhr mit Mittagessen<\/span><br \/>\n<span style=\"font-size: 14pt;\">&#8211; 45 Stunden: 07:00 Uhr &#8211; 16:30 Uhr (mit Mittagessen), freitags bis 15:00 Uhr<\/span><\/p>\n<p><span style=\"font-size: 14pt;\">In unserem Kindergarten wird t\u00e4glich frisch gekocht.<\/span>[\/vc_column_text][vc_gallery css=&#8220;&#8220; type=&#8220;nectarslider_style&#8220; images=&#8220;8011,8012,8013,8014,8015,8016,8017,8018,8019,8020,8021,8022,8023,8024,8025,8026,8027&#8243; image_loading=&#8220;default&#8220; ns_image_rendering=&#8220;default&#8220; ns_image_aspect_ratio=&#8220;2-1&#8243; bullet_navigation=&#8220;true&#8220; bullet_navigation_style=&#8220;see_through&#8220; onclick=&#8220;link_image&#8220;][\/vc_column][\/vc_row]\n","protected":false},"excerpt":{"rendered":"<p>[vc_row type=&#8220;full_width_background&#8220; full_screen_row_position=&#8220;middle&#8220; column_margin=&#8220;default&#8220; column_direction=&#8220;default&#8220; column_direction_tablet=&#8220;default&#8220; column_direction_phone=&#8220;default&#8220; scene_position=&#8220;center&#8220; top_margin=&#8220;3%&#8220; bottom_margin=&#8220;2%&#8220; left_margin=&#8220;2%&#8220; right_margin=&#8220;2%&#8220; text_color=&#8220;dark&#8220; text_align=&#8220;left&#8220; row_border_radius=&#8220;none&#8220; row_border_radius_applies=&#8220;bg&#8220; overflow=&#8220;visible&#8220; overlay_strength=&#8220;0.3&#8243; gradient_direction=&#8220;left_to_right&#8220; shape_divider_position=&#8220;bottom&#8220; bg_image_animation=&#8220;none&#8220; gradient_type=&#8220;default&#8220; shape_type=&#8220;&#8220;][vc_column column_padding=&#8220;no-extra-padding&#8220; column_padding_tablet=&#8220;inherit&#8220; column_padding_phone=&#8220;inherit&#8220; column_padding_position=&#8220;all&#8220; column_element_direction_desktop=&#8220;default&#8220; column_element_spacing=&#8220;default&#8220; desktop_text_alignment=&#8220;default&#8220;&#8230;<\/p>\n","protected":false},"author":1,"featured_media":0,"parent":0,"menu_order":0,"comment_status":"closed","ping_status":"closed","template":"","meta":{"footnotes":""},"class_list":["post-8010","page","type-page","status-publish"],"_links":{"self":[{"href":"https:\/\/familienzentrum-schatzkiste.de\/kuhle\/wp-json\/wp\/v2\/pages\/8010","targetHints":{"allow":["GET"]}}],"collection":[{"href":"https:\/\/familienzentrum-schatzkiste.de\/kuhle\/wp-json\/wp\/v2\/pages"}],"about":[{"href":"https:\/\/familienzentrum-schatzkiste.de\/kuhle\/wp-json\/wp\/v2\/types\/page"}],"author":[{"embeddable":true,"href":"https:\/\/familienzentrum-schatzkiste.de\/kuhle\/wp-json\/wp\/v2\/users\/1"}],"replies":[{"embeddable":true,"href":"https:\/\/familienzentrum-schatzkiste.de\/kuhle\/wp-json\/wp\/v2\/comments?post=8010"}],"version-history":[{"count":0,"href":"https:\/\/familienzentrum-schatzkiste.de\/kuhle\/wp-json\/wp\/v2\/pages\/8010\/revisions"}],"wp:attachment":[{"href":"https:\/\/familienzentrum-schatzkiste.de\/kuhle\/wp-json\/wp\/v2\/media?parent=8010"}],"curies":[{"name":"wp","href":"https:\/\/api.w.org\/{rel}","templated":true}]}}